{"version":"1.0","provider_name":"","provider_url":"https:\/\/www.deberes.net\/tesis","author_name":"deberes","author_url":"https:\/\/www.deberes.net\/tesis\/author\/infouniversidad\/","title":"El modelo alem\u00e1n de formaci\u00f3n profesional","type":"rich","width":600,"height":338,"html":"<blockquote class=\"wp-embedded-content\" data-secret=\"ZG5GF6OHMZ\"><a href=\"https:\/\/www.deberes.net\/tesis\/formacion-profesional\/el-modelo-aleman-de-formacion-profesional\/\">El modelo alem\u00e1n de formaci\u00f3n profesional<\/a><\/blockquote><iframe sandbox=\"allow-scripts\" security=\"restricted\" src=\"https:\/\/www.deberes.net\/tesis\/formacion-profesional\/el-modelo-aleman-de-formacion-profesional\/embed\/#?secret=ZG5GF6OHMZ\" width=\"600\" height=\"338\" title=\"\u00abEl modelo alem\u00e1n de formaci\u00f3n profesional\u00bb \u2014 \" data-secret=\"ZG5GF6OHMZ\" frameborder=\"0\" marginwidth=\"0\" marginheight=\"0\" scrolling=\"no\" class=\"wp-embedded-content\"><\/iframe><script>\n\/*! This file is auto-generated *\/\n!function(d,l){\"use strict\";l.querySelector&&d.addEventListener&&\"undefined\"!=typeof URL&&(d.wp=d.wp||{},d.wp.receiveEmbedMessage||(d.wp.receiveEmbedMessage=function(e){var t=e.data;if((t||t.secret||t.message||t.value)&&!\/[^a-zA-Z0-9]\/.test(t.secret)){for(var s,r,n,a=l.querySelectorAll('iframe[data-secret=\"'+t.secret+'\"]'),o=l.querySelectorAll('blockquote[data-secret=\"'+t.secret+'\"]'),c=new RegExp(\"^https?:$\",\"i\"),i=0;i<o.length;i++)o[i].style.display=\"none\";for(i=0;i<a.length;i++)s=a[i],e.source===s.contentWindow&&(s.removeAttribute(\"style\"),\"height\"===t.message?(1e3<(r=parseInt(t.value,10))?r=1e3:~~r<200&&(r=200),s.height=r):\"link\"===t.message&&(r=new URL(s.getAttribute(\"src\")),n=new URL(t.value),c.test(n.protocol))&&n.host===r.host&&l.activeElement===s&&(d.top.location.href=t.value))}},d.addEventListener(\"message\",d.wp.receiveEmbedMessage,!1),l.addEventListener(\"DOMContentLoaded\",function(){for(var e,t,s=l.querySelectorAll(\"iframe.wp-embedded-content\"),r=0;r<s.length;r++)(t=(e=s[r]).getAttribute(\"data-secret\"))||(t=Math.random().toString(36).substring(2,12),e.src+=\"#?secret=\"+t,e.setAttribute(\"data-secret\",t)),e.contentWindow.postMessage({message:\"ready\",secret:t},\"*\")},!1)))}(window,document);\n<\/script>\n","description":"El modelo alem\u00e1n de formaci\u00f3n profesional tesis doctoral de Jes\u00fas Ariel Aleman Falcon. Tesis doctoral de Jes\u00fas Ariel Aleman Falcon Comienzo esta investigaci\u00f3n con el an\u00e1lisis del contexto europeo en el que se sit\u00faa la formaci\u00f3n profesional. Tesis sobre Formacion profesional, Nacional de educaci\u00f3n a distancia, Pedagog\u00eda comparada"}